{"id":47,"date":"2019-10-07T12:58:49","date_gmt":"2019-10-07T10:58:49","guid":{"rendered":"https:\/\/tks2.no\/barnekonvensjonen\/?page_id=47"},"modified":"2019-11-20T14:17:36","modified_gmt":"2019-11-20T13:17:36","slug":"bidragsytere","status":"publish","type":"page","link":"https:\/\/nettressurser.statped.no\/barnekonvensjonen\/index.php\/bidragsytere\/","title":{"rendered":"Bidragsytere"},"content":{"rendered":"\n<div class=\"wp-block-image\"><figure class=\"alignleft\"><img loading=\"lazy\" decoding=\"async\" width=\"200\" height=\"200\" src=\"https:\/\/nettressurser.statped.no\/barnekonvensjonen\/wp-content\/uploads\/2019\/10\/Rita-Karoline-Olsen-web.jpg\" alt=\"Rita Karoline Olsen\" class=\"wp-image-103\" srcset=\"https:\/\/nettressurser.statped.no\/barnekonvensjonen\/wp-content\/uploads\/2019\/10\/Rita-Karoline-Olsen-web.jpg 200w, https:\/\/nettressurser.statped.no\/barnekonvensjonen\/wp-content\/uploads\/2019\/10\/Rita-Karoline-Olsen-web-150x150.jpg 150w\" sizes=\"(max-width: 200px) 85vw, 200px\" \/><\/figure><\/div>\n\n\n\n<p><strong>Rita Karoline Olsen<\/strong>.  Doktorgradsstipendiat ved Institutt for pedagogikk og livslang l\u00e6ring ved NTNU.  Har bidratt under tema barnesamtalen. <\/p>\n\n\n\n<p> <br><\/p>\n\n\n\n<p> <br><br><\/p>\n\n\n\n<hr class=\"wp-block-separator\"\/>\n\n\n\n<div class=\"wp-block-image\"><figure class=\"alignleft\"><img loading=\"lazy\" decoding=\"async\" width=\"200\" height=\"225\" src=\"https:\/\/nettressurser.statped.no\/barnekonvensjonen\/wp-content\/uploads\/2019\/10\/Eivind-Pedersen-e1571908486372.png\" alt=\"Eivind Pedersen\" class=\"wp-image-105\"\/><\/figure><\/div>\n\n\n\n<p><strong>Eivind Pedersen<\/strong>,  ansatt ved Fylkesmannen i Troms og Finnmark. Har driftet Syvmilssteget Har bidratt med tema Barnekonvensjonen. <\/p>\n\n\n\n<p>  <br><\/p>\n\n\n\n<p><br><br><br><\/p>\n\n\n\n<p><br><\/p>\n\n\n\n<hr class=\"wp-block-separator\"\/>\n\n\n\n<div class=\"wp-block-image\"><figure class=\"alignleft\"><img loading=\"lazy\" decoding=\"async\" width=\"200\" height=\"200\" src=\"https:\/\/nettressurser.statped.no\/barnekonvensjonen\/wp-content\/uploads\/2019\/10\/Goran-Forsgren-web.jpg\" alt=\"G\u00f8ran Forsgren\" class=\"wp-image-99\" srcset=\"https:\/\/nettressurser.statped.no\/barnekonvensjonen\/wp-content\/uploads\/2019\/10\/Goran-Forsgren-web.jpg 200w, https:\/\/nettressurser.statped.no\/barnekonvensjonen\/wp-content\/uploads\/2019\/10\/Goran-Forsgren-web-150x150.jpg 150w\" sizes=\"(max-width: 200px) 85vw, 200px\" \/><\/figure><\/div>\n\n\n\n<p><strong>G\u00f8ran Andreas Gregor Caspian Forsgren <\/strong><br>Seniorr\u00e5dgiver i Statped, faglig enhet for kombinerte syns- og h\u00f8rselstap og d\u00f8vblindhet. <br>Har bidratt med forelesing om barn som bruker alternativ og supplerende kommunikasjon (ASK) <br><br><br><br><\/p>\n\n\n\n<hr class=\"wp-block-separator\"\/>\n\n\n\n<div class=\"wp-block-image\"><figure class=\"alignleft\"><img loading=\"lazy\" decoding=\"async\" width=\"200\" height=\"200\" src=\"https:\/\/nettressurser.statped.no\/barnekonvensjonen\/wp-content\/uploads\/2019\/10\/Hadi-Strommen-Lile-web.jpg\" alt=\"Hadi Str\u00f8mmen Lile\" class=\"wp-image-100\" srcset=\"https:\/\/nettressurser.statped.no\/barnekonvensjonen\/wp-content\/uploads\/2019\/10\/Hadi-Strommen-Lile-web.jpg 200w, https:\/\/nettressurser.statped.no\/barnekonvensjonen\/wp-content\/uploads\/2019\/10\/Hadi-Strommen-Lile-web-150x150.jpg 150w\" sizes=\"(max-width: 200px) 85vw, 200px\" \/><\/figure><\/div>\n\n\n\n<p><strong>Hadi Str\u00f8mmen Lile<\/strong>,  rettssosiolog og menneskerettsforsker ved H\u00f8gskolen i \u00d8stfold. Har bidratt med forelesing om Barnekonvensjonens artikler 3 og 12.  <\/p>\n\n\n\n<p><br><br><br><br><br><\/p>\n\n\n\n<hr class=\"wp-block-separator\"\/>\n\n\n\n<div class=\"wp-block-image\"><figure class=\"alignleft\"><img loading=\"lazy\" decoding=\"async\" width=\"200\" height=\"251\" src=\"https:\/\/nettressurser.statped.no\/barnekonvensjonen\/wp-content\/uploads\/2019\/10\/Oskar-arntsen-web.jpg\" alt=\"Oskar Arntsen\" class=\"wp-image-102\"\/><\/figure><\/div>\n\n\n\n<p><strong>Oskar Arntsen.<\/strong>&nbsp; Programleder . <br><\/p>\n\n\n\n<p><br><br><br><br><br><br><br><br><\/p>\n\n\n\n<hr class=\"wp-block-separator\"\/>\n\n\n\n<div class=\"wp-block-image\"><figure class=\"alignleft\"><img loading=\"lazy\" decoding=\"async\" width=\"200\" height=\"200\" src=\"https:\/\/nettressurser.statped.no\/barnekonvensjonen\/wp-content\/uploads\/2019\/10\/Tone-Mork-web.jpg\" alt=\"Tone M\u00f8rk, direkt\u00f8r i Statped\" class=\"wp-image-104\" srcset=\"https:\/\/nettressurser.statped.no\/barnekonvensjonen\/wp-content\/uploads\/2019\/10\/Tone-Mork-web.jpg 200w, https:\/\/nettressurser.statped.no\/barnekonvensjonen\/wp-content\/uploads\/2019\/10\/Tone-Mork-web-150x150.jpg 150w\" sizes=\"(max-width: 200px) 85vw, 200px\" \/><\/figure><\/div>\n\n\n\n<p><strong>Tone M\u00f8rk <\/strong>Direkt\u00f8r, Statped. Har bidratt med en videohilsen. <br><br><br><\/p>\n\n\n\n<p><br><br><br><br><\/p>\n\n\n\n<hr class=\"wp-block-separator\"\/>\n\n\n\n<div class=\"wp-block-image\"><figure class=\"alignleft\"><img loading=\"lazy\" decoding=\"async\" width=\"200\" height=\"201\" src=\"https:\/\/nettressurser.statped.no\/barnekonvensjonen\/wp-content\/uploads\/2019\/10\/Anne-Berit-Lokaas-web.jpg\" alt=\"Anne Berit L\u00f8k\u00e5s\" class=\"wp-image-97\" srcset=\"https:\/\/nettressurser.statped.no\/barnekonvensjonen\/wp-content\/uploads\/2019\/10\/Anne-Berit-Lokaas-web.jpg 200w, https:\/\/nettressurser.statped.no\/barnekonvensjonen\/wp-content\/uploads\/2019\/10\/Anne-Berit-Lokaas-web-150x150.jpg 150w\" sizes=\"(max-width: 200px) 85vw, 200px\" \/><\/figure><\/div>\n\n\n\n<p><strong>Anne-Berit L\u00f8k\u00e5s , <\/strong> leder i PP-tjenesten i Ytre Helgeland.  Har bidratt med tema om hvordan vi f\u00e5r frem barnets stemme i sakkyndig vurdering.  <\/p>\n\n\n\n<p><br><br><br><br><br><\/p>\n\n\n\n<hr class=\"wp-block-separator\"\/>\n\n\n\n<div class=\"wp-block-image\"><figure class=\"alignleft\"><img loading=\"lazy\" decoding=\"async\" width=\"200\" height=\"200\" src=\"https:\/\/nettressurser.statped.no\/barnekonvensjonen\/wp-content\/uploads\/2019\/10\/ind-Kvello-web.jpg\" alt=\"\u00d8yvind Kvello\" class=\"wp-image-101\" srcset=\"https:\/\/nettressurser.statped.no\/barnekonvensjonen\/wp-content\/uploads\/2019\/10\/ind-Kvello-web.jpg 200w, https:\/\/nettressurser.statped.no\/barnekonvensjonen\/wp-content\/uploads\/2019\/10\/ind-Kvello-web-150x150.jpg 150w\" sizes=\"(max-width: 200px) 85vw, 200px\" \/><\/figure><\/div>\n\n\n\n<p><strong>\u00d8yvind Kvello <\/strong>er professor i spesialpedagogikk ved NTNU. Har bidratt med tema Brukermedvirkning<br><\/p>\n\n\n\n<p><br><br><br><br><br><\/p>\n\n\n\n<hr class=\"wp-block-separator\"\/>\n\n\n\n<div class=\"wp-block-image\"><figure class=\"alignleft\"><img loading=\"lazy\" decoding=\"async\" width=\"200\" height=\"200\" src=\"https:\/\/nettressurser.statped.no\/barnekonvensjonen\/wp-content\/uploads\/2019\/10\/Barneomb-web.jpg\" alt=\"Barneombud Inga Bejer Engh\" class=\"wp-image-98\" srcset=\"https:\/\/nettressurser.statped.no\/barnekonvensjonen\/wp-content\/uploads\/2019\/10\/Barneomb-web.jpg 200w, https:\/\/nettressurser.statped.no\/barnekonvensjonen\/wp-content\/uploads\/2019\/10\/Barneomb-web-150x150.jpg 150w\" sizes=\"(max-width: 200px) 85vw, 200px\" \/><\/figure><\/div>\n\n\n\n<p><strong>Inga Bejer Engh<\/strong>.  Barneombud.  Har bidratt med videohilsen.   <br><br><\/p>\n\n\n\n<p><br><br><br><br><br><\/p>\n\n\n\n<hr class=\"wp-block-separator\"\/>\n\n\n\n<div class=\"wp-block-image\"><figure class=\"alignleft\"><img decoding=\"async\" src=\"https:\/\/nettressurser.statped.no\/barnekonvensjonen\/wp-content\/uploads\/2019\/10\/kjersti-portrett-web.jpg\" alt=\"Kjersti Skarstad\" class=\"wp-image-98\"\/><\/figure><\/div>\n\n\n\n<p><strong>Kjersti Skarstad<\/strong>, PhD statsvitenskap. Har bidratt med funksjonshemmedes menneskerettigheter. <br><br><br><br><br>  <br><br><\/p>\n\n\n\n<hr class=\"wp-block-separator\"\/>\n\n\n\n<div class=\"wp-block-image\"><figure class=\"alignleft\"><img loading=\"lazy\" decoding=\"async\" width=\"200\" height=\"206\" src=\"https:\/\/nettressurser.statped.no\/barnekonvensjonen\/wp-content\/uploads\/2019\/11\/kristin-Dypvik-web.jpg\" alt=\"Kristin Dybvik\" class=\"wp-image-318\"\/><\/figure><\/div>\n\n\n\n<p><strong>Kristin Dypvik<\/strong>, Trondheim Kommune, r\u00e5dmannens fagstab.  Har bidratt med forelesing om barnesamtaler.  <br><br><br><br><br><br><br><\/p>\n\n\n\n<hr class=\"wp-block-separator\"\/>\n\n\n\n<div class=\"wp-block-image\"><figure class=\"alignleft\"><img loading=\"lazy\" decoding=\"async\" width=\"200\" height=\"200\" src=\"https:\/\/nettressurser.statped.no\/barnekonvensjonen\/wp-content\/uploads\/2019\/11\/Svanhild-Opheim-Str\u00f8mskag-web.jpg\" alt=\"\" class=\"wp-image-326\" srcset=\"https:\/\/nettressurser.statped.no\/barnekonvensjonen\/wp-content\/uploads\/2019\/11\/Svanhild-Opheim-Str\u00f8mskag-web.jpg 200w, https:\/\/nettressurser.statped.no\/barnekonvensjonen\/wp-content\/uploads\/2019\/11\/Svanhild-Opheim-Str\u00f8mskag-web-150x150.jpg 150w\" sizes=\"(max-width: 200px) 85vw, 200px\" \/><\/figure><\/div>\n\n\n\n<p><strong>Svanhild Opheim Str\u00f8mskag<\/strong>, styrer i Borglia Barnehage, Frosta kommune sammen med barn fra barnehagen. Har bidratt med samtale om barn og foreldresamarbeid.  <br><br><br><br><br><br><\/p>\n\n\n\n<hr class=\"wp-block-separator\"\/>\n\n\n\n<div class=\"wp-block-image\"><figure class=\"alignleft\"><img loading=\"lazy\" decoding=\"async\" width=\"200\" height=\"400\" src=\"https:\/\/nettressurser.statped.no\/barnekonvensjonen\/wp-content\/uploads\/2019\/11\/KST-Ragnhild-web.jpg\" alt=\"\" class=\"wp-image-474\" srcset=\"https:\/\/nettressurser.statped.no\/barnekonvensjonen\/wp-content\/uploads\/2019\/11\/KST-Ragnhild-web.jpg 200w, https:\/\/nettressurser.statped.no\/barnekonvensjonen\/wp-content\/uploads\/2019\/11\/KST-Ragnhild-web-150x300.jpg 150w\" sizes=\"(max-width: 200px) 85vw, 200px\" \/><\/figure><\/div>\n\n\n\n<p><strong>Knut St\u00e5le Tenfjord<\/strong>,  pedagogisk psykologisk tjeneste, Haram Kommune.  Har bidratt med barnets stemme i sakkyndighetsarbeidet sammen med Ragnhild Kj\u00e6rstad i Haram Kommune. <br><br><br><br><\/p>\n\n\n\n<p><br><strong>Ragnhild Kj\u00e6rstad<\/strong>, Haram Kommune <br><br><br><br><br><br><br><\/p>\n\n\n\n<hr class=\"wp-block-separator\"\/>\n\n\n\n<div class=\"wp-block-image\"><figure class=\"alignleft\"><img loading=\"lazy\" decoding=\"async\" width=\"200\" height=\"200\" src=\"https:\/\/nettressurser.statped.no\/barnekonvensjonen\/wp-content\/uploads\/2019\/11\/Sidsel-Holiman-web.jpg\" alt=\"\" class=\"wp-image-319\" srcset=\"https:\/\/nettressurser.statped.no\/barnekonvensjonen\/wp-content\/uploads\/2019\/11\/Sidsel-Holiman-web.jpg 200w, https:\/\/nettressurser.statped.no\/barnekonvensjonen\/wp-content\/uploads\/2019\/11\/Sidsel-Holiman-web-150x150.jpg 150w\" sizes=\"(max-width: 200px) 85vw, 200px\" \/><\/figure><\/div>\n\n\n\n<p><strong>Sidsel Holiman<\/strong>,  seniorr\u00e5dgiver i Statped Forskning og utvikling.   Har bidratt med forelesing om inkludering. <br><br><br><br><br><br><br><\/p>\n\n\n\n<hr class=\"wp-block-separator\"\/>\n\n\n\n<div class=\"wp-block-image\"><figure class=\"alignleft\"><img loading=\"lazy\" decoding=\"async\" width=\"200\" height=\"200\" src=\"https:\/\/nettressurser.statped.no\/barnekonvensjonen\/wp-content\/uploads\/2019\/11\/Ellen-Sandoe-web.jpg\" alt=\"Ellen Sand\u00f8e\" class=\"wp-image-245\" srcset=\"https:\/\/nettressurser.statped.no\/barnekonvensjonen\/wp-content\/uploads\/2019\/11\/Ellen-Sandoe-web.jpg 200w, https:\/\/nettressurser.statped.no\/barnekonvensjonen\/wp-content\/uploads\/2019\/11\/Ellen-Sandoe-web-150x150.jpg 150w\" sizes=\"(max-width: 200px) 85vw, 200px\" \/><\/figure><\/div>\n\n\n\n<p><strong>Ellen Sand\u00f8e<\/strong>  fagansvarlig for skole- og barnehagesatsingen til UNICEF Norge.  Har bidratt med forelesing om UNICEFS rettighetsskoler. <br><\/p>\n\n\n\n<p><br><br><br><br><br><\/p>\n\n\n\n<hr class=\"wp-block-separator\"\/>\n\n\n\n<div class=\"wp-block-image\"><figure class=\"alignleft\"><img loading=\"lazy\" decoding=\"async\" width=\"200\" height=\"200\" src=\"https:\/\/nettressurser.statped.no\/barnekonvensjonen\/wp-content\/uploads\/2019\/11\/Siri-Lader-Brun-web.jpg\" alt=\"\" class=\"wp-image-327\" srcset=\"https:\/\/nettressurser.statped.no\/barnekonvensjonen\/wp-content\/uploads\/2019\/11\/Siri-Lader-Brun-web.jpg 200w, https:\/\/nettressurser.statped.no\/barnekonvensjonen\/wp-content\/uploads\/2019\/11\/Siri-Lader-Brun-web-150x150.jpg 150w\" sizes=\"(max-width: 200px) 85vw, 200px\" \/><\/figure><\/div>\n\n\n\n<p><strong>Siri Lader Bruhn<\/strong>,  brukermedvirkning i Statped.<br><br><br><br>Har bidratt med brukermedvirkning sammen med:<br><br><br><br><\/p>\n\n\n\n<div class=\"wp-block-image\"><figure class=\"alignleft\"><img loading=\"lazy\" decoding=\"async\" width=\"200\" height=\"800\" src=\"https:\/\/nettressurser.statped.no\/barnekonvensjonen\/wp-content\/uploads\/2019\/11\/Ungdomspanel-web.jpg\" alt=\"\" class=\"wp-image-323\" srcset=\"https:\/\/nettressurser.statped.no\/barnekonvensjonen\/wp-content\/uploads\/2019\/11\/Ungdomspanel-web.jpg 200w, https:\/\/nettressurser.statped.no\/barnekonvensjonen\/wp-content\/uploads\/2019\/11\/Ungdomspanel-web-75x300.jpg 75w\" sizes=\"(max-width: 200px) 85vw, 200px\" \/><\/figure><\/div>\n\n\n\n<p><strong>Statpeds Ungdomspanel<\/strong><\/p>\n\n\n\n<p>Oddgeir Haukaas Bjerke, Statpeds ungdomspanel. Representerer Personskadeforbundet  <br><br><br><br><br>Kristi Vidvei, Statpeds Ungdomspanel. Representerer H\u00f8rselshemmedes Landsforbund<br><br><br><br><br><br>Sofie Eline Finneid, Statpeds ungdomspanel. Representerer Norges Dysleksiforbund<br><br><br><br><br><br>Katie Moriggi, Medlem i Ungdomspanelet i Statped, representerer Norges D\u00f8veforbund<br><br><br><br><br><br><\/p>\n","protected":false},"excerpt":{"rendered":"<p>Rita Karoline Olsen. Doktorgradsstipendiat ved Institutt for pedagogikk og livslang l\u00e6ring ved NTNU. Har bidratt under tema barnesamtalen. Eivind Pedersen, ansatt ved Fylkesmannen i Troms og Finnmark. Har driftet Syvmilssteget Har bidratt med tema Barnekonvensjonen. G\u00f8ran Andreas Gregor Caspian Forsgren Seniorr\u00e5dgiver i Statped, faglig enhet for kombinerte syns- og h\u00f8rselstap og d\u00f8vblindhet. Har bidratt med &hellip; <a href=\"https:\/\/nettressurser.statped.no\/barnekonvensjonen\/index.php\/bidragsytere\/\" class=\"more-link\">Fortsett \u00e5 lese<span class=\"screen-reader-text\"> \u00abBidragsytere\u00bb<\/span><\/a><\/p>\n","protected":false},"author":2,"featured_media":0,"parent":0,"menu_order":0,"comment_status":"closed","ping_status":"closed","template":"","meta":{"footnotes":""},"_links":{"self":[{"href":"https:\/\/nettressurser.statped.no\/barnekonvensjonen\/index.php\/wp-json\/wp\/v2\/pages\/47"}],"collection":[{"href":"https:\/\/nettressurser.statped.no\/barnekonvensjonen\/index.php\/wp-json\/wp\/v2\/pages"}],"about":[{"href":"https:\/\/nettressurser.statped.no\/barnekonvensjonen\/index.php\/wp-json\/wp\/v2\/types\/page"}],"author":[{"embeddable":true,"href":"https:\/\/nettressurser.statped.no\/barnekonvensjonen\/index.php\/wp-json\/wp\/v2\/users\/2"}],"replies":[{"embeddable":true,"href":"https:\/\/nettressurser.statped.no\/barnekonvensjonen\/index.php\/wp-json\/wp\/v2\/comments?post=47"}],"version-history":[{"count":58,"href":"https:\/\/nettressurser.statped.no\/barnekonvensjonen\/index.php\/wp-json\/wp\/v2\/pages\/47\/revisions"}],"predecessor-version":[{"id":482,"href":"https:\/\/nettressurser.statped.no\/barnekonvensjonen\/index.php\/wp-json\/wp\/v2\/pages\/47\/revisions\/482"}],"wp:attachment":[{"href":"https:\/\/nettressurser.statped.no\/barnekonvensjonen\/index.php\/wp-json\/wp\/v2\/media?parent=47"}],"curies":[{"name":"wp","href":"https:\/\/api.w.org\/{rel}","templated":true}]}}