{"id":2,"date":"2019-05-15T15:18:44","date_gmt":"2019-05-15T13:18:44","guid":{"rendered":"https:\/\/tks2.no\/barnekonvensjonen\/?page_id=2"},"modified":"2021-03-04T10:38:10","modified_gmt":"2021-03-04T09:38:10","slug":"testside","status":"publish","type":"page","link":"https:\/\/nettressurser.statped.no\/barnekonvensjonen\/","title":{"rendered":""},"content":{"rendered":"<p><img loading=\"lazy\" decoding=\"async\" class=\"alignnone  wp-image-522\" src=\"https:\/\/nettressurser.statped.no\/barnekonvensjonen\/wp-content\/uploads\/2021\/03\/Forsidebilde-300x138.jpg\" alt=\"\" width=\"615\" height=\"283\" srcset=\"https:\/\/nettressurser.statped.no\/barnekonvensjonen\/wp-content\/uploads\/2021\/03\/Forsidebilde-300x138.jpg 300w, https:\/\/nettressurser.statped.no\/barnekonvensjonen\/wp-content\/uploads\/2021\/03\/Forsidebilde.jpg 700w\" sizes=\"(max-width: 615px) 85vw, 615px\" \/><\/p>\n\n\n<p><p class=\"ingress\"> Barnekonvensjonen sl\u00e5r tydelig fast at barn har rett til \u00e5 uttale seg om egen situasjon, og dette skal vektlegges n\u00e5r barns beste-vurdering gj\u00f8res. I dag er vi ikke flinke nok til \u00e5 snakke med barn og la deres meninger telle i saksbehandlingen om dem. Dette vil vi gj\u00f8re noe med gjennom dette e-l\u00e6ringsprogrammet.<\/p><\/p>\n\n\n\n<p><p>Det handler om \u00e5 anerkjenne barn som agenter i sine egne liv. Hvis man sp\u00f8r barn s\u00e5 vet de ofte veldig godt hva som er bra for dem og hva de vil \u2013 selv i sv\u00e6rt ung alder. Dette m\u00e5 vi bli bedre p\u00e5 i Norge, og s\u00e6rlig i forbindelse med spesialpedagogisk hjelpetiltak.<\/p><\/p>\n\n\n\n<p><p>Denne nettressursen viser hvorfor og hvordan vi skal snakke med barna, slik at deres mening blir tellende n\u00e5r barns beste-vurdering skal gj\u00f8res i saker som omhandler dem.<\/p><\/p>\n\n\n\n<p><p>Nettressursen er delt inn i fem moduler med forelesninger, refleksjonsoppgaver og praktiske \u00f8velser. <\/p><\/p>\n\n\n\n<p><ol class=\"liste\"><li><em>Inkludering, anerkjennelse og medbestemmelse<\/em><\/li><li><em>Hva er en konvensjon?<\/em><\/li><li><em>Barnets beste: Et inkluderende perspektiv i barnehage og skole<\/em><\/li><li><em>Barnets medvirkning i arbeidet med inkludering<\/em><\/li><li><em>\u00c5 snakke med barn, og betydningen av barnets stemme<\/em><\/li><\/ol><\/p>\n","protected":false},"excerpt":{"rendered":"<p>Barnekonvensjonen sl\u00e5r tydelig fast at barn har rett til \u00e5 uttale seg om egen situasjon, og dette skal vektlegges n\u00e5r barns beste-vurdering gj\u00f8res. I dag er vi ikke flinke nok til \u00e5 snakke med barn og la deres meninger telle i saksbehandlingen om dem. Dette vil vi gj\u00f8re noe med gjennom dette e-l\u00e6ringsprogrammet. Det handler &hellip; <a href=\"https:\/\/nettressurser.statped.no\/barnekonvensjonen\/\" class=\"more-link\">Fortsett \u00e5 lese<span class=\"screen-reader-text\"> \u00ab\u00bb<\/span><\/a><\/p>\n","protected":false},"author":1,"featured_media":0,"parent":0,"menu_order":0,"comment_status":"closed","ping_status":"open","template":"","meta":{"footnotes":""},"_links":{"self":[{"href":"https:\/\/nettressurser.statped.no\/barnekonvensjonen\/index.php\/wp-json\/wp\/v2\/pages\/2"}],"collection":[{"href":"https:\/\/nettressurser.statped.no\/barnekonvensjonen\/index.php\/wp-json\/wp\/v2\/pages"}],"about":[{"href":"https:\/\/nettressurser.statped.no\/barnekonvensjonen\/index.php\/wp-json\/wp\/v2\/types\/page"}],"author":[{"embeddable":true,"href":"https:\/\/nettressurser.statped.no\/barnekonvensjonen\/index.php\/wp-json\/wp\/v2\/users\/1"}],"replies":[{"embeddable":true,"href":"https:\/\/nettressurser.statped.no\/barnekonvensjonen\/index.php\/wp-json\/wp\/v2\/comments?post=2"}],"version-history":[{"count":25,"href":"https:\/\/nettressurser.statped.no\/barnekonvensjonen\/index.php\/wp-json\/wp\/v2\/pages\/2\/revisions"}],"predecessor-version":[{"id":523,"href":"https:\/\/nettressurser.statped.no\/barnekonvensjonen\/index.php\/wp-json\/wp\/v2\/pages\/2\/revisions\/523"}],"wp:attachment":[{"href":"https:\/\/nettressurser.statped.no\/barnekonvensjonen\/index.php\/wp-json\/wp\/v2\/media?parent=2"}],"curies":[{"name":"wp","href":"https:\/\/api.w.org\/{rel}","templated":true}]}}